{"id":3290,"date":"2021-10-07T21:44:27","date_gmt":"2021-10-07T21:44:27","guid":{"rendered":"https:\/\/www.muta.gal\/evento\/reunion-anual-de-artai\/"},"modified":"2021-11-15T13:18:54","modified_gmt":"2021-11-15T13:18:54","slug":"reunion-anual-de-artai","status":"publish","type":"avada_portfolio","link":"https:\/\/www.muta.gal\/gl\/eventos\/reunion-anual-de-artai\/","title":{"rendered":"Reuni\u00f3n anual de Artai, axencia de seguros"},"content":{"rendered":"<p><div class=\"fusion-fullwidth fullwidth-box fusion-builder-row-1 fusion-flex-container fusion-parallax-none nonhundred-percent-fullwidth non-hundred-percent-height-scrolling\" style=\"--awb-border-radius-top-left:0px;--awb-border-radius-top-right:0px;--awb-border-radius-bottom-right:0px;--awb-border-radius-bottom-left:0px;--awb-padding-top:14%;--awb-padding-bottom:12%;--awb-background-image:linear-gradient(180deg, rgba(161,141,39,0.4) 0%,rgba(161,141,39,0.78) 100%),url(http:\/\/www.muta.gal\/wp-content\/uploads\/2021\/10\/ARTAI-4.jpg);;--awb-background-size:cover;--awb-flex-wrap:wrap;\" ><div class=\"fusion-builder-row fusion-row fusion-flex-align-items-flex-start fusion-flex-content-wrap\" style=\"max-width:1248px;margin-left: calc(-4% \/ 2 );margin-right: calc(-4% \/ 2 );\"><div class=\"fusion-layout-column fusion_builder_column fusion-builder-column-0 fusion_builder_column_1_1 1_1 fusion-flex-column\" style=\"--awb-bg-size:cover;--awb-width-large:100%;--awb-margin-top-large:0px;--awb-spacing-right-large:1.92%;--awb-margin-bottom-large:20px;--awb-spacing-left-large:1.92%;--awb-width-medium:100%;--awb-order-medium:0;--awb-spacing-right-medium:1.92%;--awb-spacing-left-medium:1.92%;--awb-width-small:100%;--awb-order-small:0;--awb-spacing-right-small:1.92%;--awb-spacing-left-small:1.92%;\"><div class=\"fusion-column-wrapper fusion-column-has-shadow fusion-flex-justify-content-flex-start fusion-content-layout-column\"><div class=\"fusion-title title fusion-title-1 fusion-sep-none fusion-title-center fusion-title-text fusion-title-size-one tituloevento\" style=\"--awb-text-color:#ffffff;--awb-font-size:50px;\"><h1 class=\"fusion-title-heading title-heading-center\" style=\"margin:0;font-size:1em;\">Reuni\u00f3n anual de Artai en MUTA<\/h1><\/div><div class=\"fusion-text fusion-text-1\" style=\"--awb-font-size:20px;--awb-text-transform:none;--awb-text-color:#ffffff;\"><p style=\"text-align: center;\" data-fusion-font=\"true\">Alugueiro de espazos para eventos corporativos en Vigo<\/p>\n<\/div><\/div><\/div><\/div><\/div><div class=\"fusion-fullwidth fullwidth-box fusion-builder-row-2 fusion-flex-container nonhundred-percent-fullwidth non-hundred-percent-height-scrolling\" style=\"--awb-border-radius-top-left:0px;--awb-border-radius-top-right:0px;--awb-border-radius-bottom-right:0px;--awb-border-radius-bottom-left:0px;--awb-padding-right:3%;--awb-padding-left:3%;--awb-margin-top:-50px;--awb-background-color:rgba(255,255,255,0);--awb-flex-wrap:wrap;\" ><div class=\"fusion-builder-row fusion-row fusion-flex-align-items-stretch fusion-flex-content-wrap\" style=\"max-width:1248px;margin-left: calc(-4% \/ 2 );margin-right: calc(-4% \/ 2 );\"><div class=\"fusion-layout-column fusion_builder_column fusion-builder-column-1 fusion_builder_column_1_1 1_1 fusion-flex-column fusion-animated\" style=\"--awb-padding-top:40px;--awb-padding-right:50px;--awb-padding-bottom:40px;--awb-padding-left:50px;--awb-bg-color:#ffffff;--awb-bg-color-hover:#ffffff;--awb-bg-size:cover;--awb-width-large:100%;--awb-margin-top-large:0px;--awb-spacing-right-large:1.92%;--awb-margin-bottom-large:20px;--awb-spacing-left-large:1.92%;--awb-width-medium:100%;--awb-order-medium:0;--awb-spacing-right-medium:1.92%;--awb-spacing-left-medium:1.92%;--awb-width-small:100%;--awb-order-small:0;--awb-spacing-right-small:1.92%;--awb-spacing-left-small:1.92%;\" data-animationType=\"fadeInDown\" data-animationDuration=\"0.7\" data-animationOffset=\"top-into-view\"><div class=\"fusion-column-wrapper fusion-column-has-shadow fusion-flex-justify-content-flex-start fusion-content-layout-column\"><div class=\"fusion-separator fusion-full-width-sep\" style=\"align-self: center;margin-left: auto;margin-right: auto;margin-bottom:2%;width:100%;\"><\/div><div class=\"fusion-text fusion-text-2\" style=\"--awb-text-transform:none;\"><p data-fusion-font=\"true\">Se est\u00e1s buscando opci\u00f3ns de alugueiro de espazos para eventos corporativos en Vigo, MUTA \u00e9 unha excelente alternativa. Grazas aos seus m\u00e1is de 300 m\u00b2 distribu\u00eddos en <a href=\"\/gl\/espacio-muta\/\">diferentes salas<\/a>, \u00e9 pos\u00edbel organizar todo tipo de actividades laborais, desde reuni\u00f3ns ou conferencias at\u00e9 acci\u00f3ns formativas.<\/p>\n<\/div><div class=\"fusion-separator fusion-full-width-sep\" style=\"align-self: center;margin-left: auto;margin-right: auto;margin-bottom:1%;width:100%;\"><\/div><\/div><\/div><\/div><\/div><div class=\"fusion-fullwidth fullwidth-box fusion-builder-row-3 fusion-flex-container bloquedoscolumnasevento nonhundred-percent-fullwidth non-hundred-percent-height-scrolling\" style=\"--awb-border-color:#ffffff;--awb-border-radius-top-left:0px;--awb-border-radius-top-right:0px;--awb-border-radius-bottom-right:0px;--awb-border-radius-bottom-left:0px;--awb-padding-right:50px;--awb-padding-left:50px;--awb-margin-top:0px;--awb-background-color:rgba(255,255,255,0);--awb-flex-wrap:wrap;\" ><div class=\"fusion-builder-row fusion-row fusion-flex-align-items-center fusion-flex-justify-content-center fusion-flex-content-wrap\" style=\"max-width:1248px;margin-left: calc(-4% \/ 2 );margin-right: calc(-4% \/ 2 );\"><div class=\"fusion-layout-column fusion_builder_column fusion-builder-column-2 fusion_builder_column_1_2 1_2 fusion-flex-column fusion-animated\" style=\"--awb-bg-size:cover;--awb-width-large:50%;--awb-margin-top-large:0px;--awb-spacing-right-large:3.84%;--awb-margin-bottom-large:20px;--awb-spacing-left-large:23.04%;--awb-width-medium:50%;--awb-order-medium:0;--awb-spacing-right-medium:3.84%;--awb-spacing-left-medium:23.04%;--awb-width-small:100%;--awb-order-small:0;--awb-spacing-right-small:1.92%;--awb-spacing-left-small:1.92%;\" data-animationType=\"fadeInDown\" data-animationDuration=\"0.7\" data-animationOffset=\"top-into-view\"><div class=\"fusion-column-wrapper fusion-column-has-shadow fusion-flex-justify-content-flex-start fusion-content-layout-column\"><div class=\"fusion-image-element \" style=\"text-align:center;--awb-max-width:300px;--awb-caption-title-font-family:var(--h2_typography-font-family);--awb-caption-title-font-weight:var(--h2_typography-font-weight);--awb-caption-title-font-style:var(--h2_typography-font-style);--awb-caption-title-size:var(--h2_typography-font-size);--awb-caption-title-transform:var(--h2_typography-text-transform);--awb-caption-title-line-height:var(--h2_typography-line-height);--awb-caption-title-letter-spacing:var(--h2_typography-letter-spacing);\"><span class=\" fusion-imageframe imageframe-none imageframe-1 hover-type-none\"><img decoding=\"async\" width=\"1200\" height=\"314\" title=\"ARTAI-corredores-de-seguros-1200&#215;314\" src=\"http:\/\/www.muta.gal\/wp-content\/uploads\/2021\/10\/ARTAI-corredores-de-seguros-1200x314-1.png\" alt class=\"img-responsive wp-image-2976\" srcset=\"https:\/\/www.muta.gal\/wp-content\/uploads\/2021\/10\/ARTAI-corredores-de-seguros-1200x314-1-200x52.png 200w, https:\/\/www.muta.gal\/wp-content\/uploads\/2021\/10\/ARTAI-corredores-de-seguros-1200x314-1-400x105.png 400w, https:\/\/www.muta.gal\/wp-content\/uploads\/2021\/10\/ARTAI-corredores-de-seguros-1200x314-1-600x157.png 600w, https:\/\/www.muta.gal\/wp-content\/uploads\/2021\/10\/ARTAI-corredores-de-seguros-1200x314-1-800x209.png 800w, https:\/\/www.muta.gal\/wp-content\/uploads\/2021\/10\/ARTAI-corredores-de-seguros-1200x314-1.png 1200w\" sizes=\"(max-width: 640px) 100vw, 600px\" \/><\/span><\/div><\/div><\/div><div class=\"fusion-layout-column fusion_builder_column fusion-builder-column-3 fusion_builder_column_1_2 1_2 fusion-flex-column fusion-animated\" style=\"--awb-padding-top:15%;--awb-padding-right:8%;--awb-padding-bottom:11%;--awb-padding-left:8%;--awb-overflow:hidden;--awb-bg-color:#a18d27;--awb-bg-color-hover:#a18d27;--awb-bg-size:cover;--awb-border-radius:8px 8px 8px 8px;--awb-width-large:50%;--awb-margin-top-large:0px;--awb-spacing-right-large:23.04%;--awb-margin-bottom-large:20px;--awb-spacing-left-large:3.84%;--awb-width-medium:50%;--awb-order-medium:0;--awb-spacing-right-medium:23.04%;--awb-spacing-left-medium:3.84%;--awb-width-small:100%;--awb-order-small:0;--awb-spacing-right-small:1.92%;--awb-spacing-left-small:1.92%;\" data-animationType=\"fadeInDown\" data-animationDuration=\"0.7\" data-animationOffset=\"top-into-view\"><div class=\"fusion-column-wrapper fusion-column-has-shadow fusion-flex-justify-content-flex-start fusion-content-layout-column\"><div class=\"fusion-text fusion-text-3\" style=\"--awb-text-transform:none;--awb-text-color:#ffffff;\"><p>At\u00e9 o momento, albergamos numerosos eventos de traballo. Un deles foi a <strong>reuni\u00f3n anual da axencia de seguros Artai<\/strong>, na que tam\u00e9n se inclu\u00eda unha comida con catering para todos os asistentes.<\/p>\n<\/div><\/div><\/div><\/div><\/div><div class=\"fusion-fullwidth fullwidth-box fusion-builder-row-4 fusion-flex-container nonhundred-percent-fullwidth non-hundred-percent-height-scrolling\" style=\"--awb-border-radius-top-left:0px;--awb-border-radius-top-right:0px;--awb-border-radius-bottom-right:0px;--awb-border-radius-bottom-left:0px;--awb-padding-top:30px;--awb-padding-right:3%;--awb-padding-left:3%;--awb-margin-top:0px;--awb-background-color:rgba(255,255,255,0);--awb-flex-wrap:wrap;\" ><div class=\"fusion-builder-row fusion-row fusion-flex-align-items-stretch fusion-flex-content-wrap\" style=\"max-width:1248px;margin-left: calc(-4% \/ 2 );margin-right: calc(-4% \/ 2 );\"><div class=\"fusion-layout-column fusion_builder_column fusion-builder-column-4 fusion_builder_column_1_1 1_1 fusion-flex-column fusion-animated\" style=\"--awb-padding-right:50px;--awb-padding-bottom:40px;--awb-padding-left:50px;--awb-bg-color:#ffffff;--awb-bg-color-hover:#ffffff;--awb-bg-size:cover;--awb-width-large:100%;--awb-margin-top-large:0px;--awb-spacing-right-large:1.92%;--awb-margin-bottom-large:20px;--awb-spacing-left-large:1.92%;--awb-width-medium:100%;--awb-order-medium:0;--awb-spacing-right-medium:1.92%;--awb-spacing-left-medium:1.92%;--awb-width-small:100%;--awb-order-small:0;--awb-spacing-right-small:1.92%;--awb-spacing-left-small:1.92%;\" data-animationType=\"fadeInDown\" data-animationDuration=\"0.7\" data-animationOffset=\"top-into-view\"><div class=\"fusion-column-wrapper fusion-column-has-shadow fusion-flex-justify-content-flex-start fusion-content-layout-column\"><div class=\"fusion-text fusion-text-4\" style=\"--awb-text-transform:none;\"><p>Unha vez co\u00f1ecidas todas as necesidades de Artai para celebrar a actividade, ofrec\u00e9moslles <strong>diversos espazos nos que desenvolver a s\u00faa reuni\u00f3n anual<\/strong>. Igualmente, encarg\u00e1monos de axudar na <strong>produci\u00f3n audiovisual, o catering e o mobiliario<\/strong>.<\/p>\n<\/div><div class=\"fusion-separator fusion-full-width-sep\" style=\"align-self: center;margin-left: auto;margin-right: auto;margin-top:2%;margin-bottom:5%;width:100%;\"><div class=\"fusion-separator-border sep-single sep-solid\" style=\"--awb-height:20px;--awb-amount:20px;border-color:#e2e2e2;border-top-width:1px;\"><\/div><\/div><div class=\"fusion-title title fusion-title-2 fusion-sep-none fusion-title-text fusion-title-size-three\" style=\"--awb-text-color:#a18d27;--awb-font-size:30px;\"><h3 class=\"fusion-title-heading title-heading-left\" style=\"margin:0;font-size:1em;\">Que salas se utilizaron para organizar a reuni\u00f3n anual da axencia de seguros Artai en Vigo?<\/h3><\/div><div class=\"fusion-text fusion-text-5 awb-text-cols fusion-text-columns-2\" style=\"--awb-text-transform:none;--awb-columns:2;--awb-column-spacing:40px;--awb-column-min-width:100px;\"><p><a href=\"\/gl\/espacio-muta\/#entradagl\"><b>Entrada<\/b><\/a><b> (89 m\u00b2).<\/b><span style=\"font-weight: 400;\"> Unha das salas que se empregaron foi a entrada, indispens\u00e1bel para dar unha correcta benvida a todo o equipo. Do mesmo xeito, tr\u00e1tase dunha zona que permitiu xerar un ambiente m\u00e1is informal, no que parolar comodamente antes de dar comezo ao evento.<br \/>\n<\/span><\/p>\n<p><a href=\"\/gl\/espacio-muta\/#cocinagl\"><b>Coci\u00f1a<\/b><\/a><b> (13 m\u00b2). <\/b><span style=\"font-weight: 400;\">A reuni\u00f3n anual de Artai inclu\u00eda unha comida con catering, por iso utilizouse unha coci\u00f1a completamente equipada. Deste xeito foi pos\u00edbel organizar rapidamente os pratos. Ademais, como \u00e9 aberta permite unha circulaci\u00f3n \u00e1xil e c\u00f3moda.<br \/>\n<\/span><\/p>\n<p><a href=\"\/gl\/espacio-muta\/#almacengl\"><b>Almac\u00e9n<\/b><\/a><b> (78 m\u00b2).<\/b><span style=\"font-weight: 400;\"> A reuni\u00f3n tivo lugar neste espazo por ser amplo, di\u00e1fano, cun teito en d\u00faas alturas e con luz natural, conseguindo un ambiente tranquilo e confort\u00e1bel.<\/span><\/p>\n<p><span style=\"font-weight: 400;\">Finalmente, proporcionamos o material audiovisual para que se puideran realizar as presentaci\u00f3ns necesarias. Tam\u00e9n nos encargamos de organizar a comida do <\/span><i><span style=\"font-weight: 400;\">catering<\/span><\/i><span style=\"font-weight: 400;\"> e, por suposto, de ofrecer o <a href=\"\/gl\/espacio-muta\/#mobiliariogl\">mobiliario<\/a> axeitado para a realizaci\u00f3n do evento (cadeiras, mesas\u2026).<\/span><\/p>\n<\/div><div class=\"fusion-separator fusion-full-width-sep\" style=\"align-self: center;margin-left: auto;margin-right: auto;margin-bottom:3%;width:100%;\"><\/div><div class=\"awb-gallery-wrapper awb-gallery-wrapper-1 button-span-no\"><div style=\"margin:-5px;--awb-bordersize:0px;\" class=\"fusion-gallery fusion-gallery-container fusion-grid-4 fusion-columns-total-4 fusion-gallery-layout-masonry fusion-gallery-1\"><div class=\"fusion-grid-column fusion-gallery-column fusion-gallery-column-4 hover-type-none fusion-grid-sizer\"><\/div><div style=\"padding:5px;\" class=\"fusion-grid-column fusion-gallery-column fusion-gallery-column-4 hover-type-none fusion-element-grid\"><div class=\"fusion-gallery-image\"><a href=\"https:\/\/www.muta.gal\/wp-content\/uploads\/2021\/10\/ARTAI-1.jpg\" rel=\"noreferrer\" data-rel=\"iLightbox[gallery_image_1]\" class=\"fusion-lightbox\" target=\"_self\"><div style=\"background-image:url(https:\/\/www.muta.gal\/wp-content\/uploads\/2021\/10\/ARTAI-1.jpg);padding-top:calc((100% + 10px) * 0.8 - 5px);background-position:;\" class=\"fusion-masonry-element-container\"><img decoding=\"async\" src=\"https:\/\/www.muta.gal\/wp-content\/uploads\/2021\/10\/ARTAI-1.jpg\" width=\"1080\" height=\"720\" alt=\"\" title=\"ARTAI 1\" aria-label=\"ARTAI 1\" class=\"img-responsive wp-image-2981\" srcset=\"https:\/\/www.muta.gal\/wp-content\/uploads\/2021\/10\/ARTAI-1-200x133.jpg 200w, https:\/\/www.muta.gal\/wp-content\/uploads\/2021\/10\/ARTAI-1-400x267.jpg 400w, https:\/\/www.muta.gal\/wp-content\/uploads\/2021\/10\/ARTAI-1-600x400.jpg 600w, https:\/\/www.muta.gal\/wp-content\/uploads\/2021\/10\/ARTAI-1-800x533.jpg 800w, https:\/\/www.muta.gal\/wp-content\/uploads\/2021\/10\/ARTAI-1.jpg 1080w\" sizes=\"(min-width: 2200px) 100vw, (min-width: 856px) 296px, (min-width: 784px) 395px, (min-width: 712px) 593px, (min-width: 640px) 712px, \" \/><\/div><\/a><\/div><\/div><div style=\"padding:5px;\" class=\"fusion-grid-column fusion-gallery-column fusion-gallery-column-4 hover-type-none fusion-element-grid\"><div class=\"fusion-gallery-image\"><a href=\"https:\/\/www.muta.gal\/wp-content\/uploads\/2021\/10\/ARTAI-2.jpg\" rel=\"noreferrer\" data-rel=\"iLightbox[gallery_image_1]\" class=\"fusion-lightbox\" target=\"_self\"><div style=\"background-image:url(https:\/\/www.muta.gal\/wp-content\/uploads\/2021\/10\/ARTAI-2.jpg);padding-top:calc((100% + 10px) * 0.8 - 5px);background-position:;\" class=\"fusion-masonry-element-container\"><img decoding=\"async\" src=\"https:\/\/www.muta.gal\/wp-content\/uploads\/2021\/10\/ARTAI-2.jpg\" width=\"1080\" height=\"720\" alt=\"\" title=\"ARTAI 2\" aria-label=\"ARTAI 2\" class=\"img-responsive wp-image-2983\" srcset=\"https:\/\/www.muta.gal\/wp-content\/uploads\/2021\/10\/ARTAI-2-200x133.jpg 200w, https:\/\/www.muta.gal\/wp-content\/uploads\/2021\/10\/ARTAI-2-400x267.jpg 400w, https:\/\/www.muta.gal\/wp-content\/uploads\/2021\/10\/ARTAI-2-600x400.jpg 600w, https:\/\/www.muta.gal\/wp-content\/uploads\/2021\/10\/ARTAI-2-800x533.jpg 800w, https:\/\/www.muta.gal\/wp-content\/uploads\/2021\/10\/ARTAI-2.jpg 1080w\" sizes=\"(min-width: 2200px) 100vw, (min-width: 856px) 296px, (min-width: 784px) 395px, (min-width: 712px) 593px, (min-width: 640px) 712px, \" \/><\/div><\/a><\/div><\/div><div style=\"padding:5px;\" class=\"fusion-grid-column fusion-gallery-column fusion-gallery-column-4 hover-type-none fusion-element-grid\"><div class=\"fusion-gallery-image\"><a href=\"https:\/\/www.muta.gal\/wp-content\/uploads\/2021\/10\/ARTAI-3.jpg\" rel=\"noreferrer\" data-rel=\"iLightbox[gallery_image_1]\" class=\"fusion-lightbox\" target=\"_self\"><div style=\"background-image:url(https:\/\/www.muta.gal\/wp-content\/uploads\/2021\/10\/ARTAI-3.jpg);padding-top:calc((100% + 10px) * 0.8 - 5px);background-position:;\" class=\"fusion-masonry-element-container\"><img decoding=\"async\" src=\"https:\/\/www.muta.gal\/wp-content\/uploads\/2021\/10\/ARTAI-3.jpg\" width=\"1080\" height=\"720\" alt=\"\" title=\"ARTAI 3\" aria-label=\"ARTAI 3\" class=\"img-responsive wp-image-2985\" srcset=\"https:\/\/www.muta.gal\/wp-content\/uploads\/2021\/10\/ARTAI-3-200x133.jpg 200w, https:\/\/www.muta.gal\/wp-content\/uploads\/2021\/10\/ARTAI-3-400x267.jpg 400w, https:\/\/www.muta.gal\/wp-content\/uploads\/2021\/10\/ARTAI-3-600x400.jpg 600w, https:\/\/www.muta.gal\/wp-content\/uploads\/2021\/10\/ARTAI-3-800x533.jpg 800w, https:\/\/www.muta.gal\/wp-content\/uploads\/2021\/10\/ARTAI-3.jpg 1080w\" sizes=\"(min-width: 2200px) 100vw, (min-width: 856px) 296px, (min-width: 784px) 395px, (min-width: 712px) 593px, (min-width: 640px) 712px, \" \/><\/div><\/a><\/div><\/div><div style=\"padding:5px;\" class=\"fusion-grid-column fusion-gallery-column fusion-gallery-column-4 hover-type-none fusion-element-grid\"><div class=\"fusion-gallery-image\"><a href=\"https:\/\/www.muta.gal\/wp-content\/uploads\/2021\/10\/ARTAI-4-1.jpg\" rel=\"noreferrer\" data-rel=\"iLightbox[gallery_image_1]\" class=\"fusion-lightbox\" target=\"_self\"><div style=\"background-image:url(https:\/\/www.muta.gal\/wp-content\/uploads\/2021\/10\/ARTAI-4-1.jpg);padding-top:calc((100% + 10px) * 0.8 - 5px);background-position:;\" class=\"fusion-masonry-element-container\"><img decoding=\"async\" src=\"https:\/\/www.muta.gal\/wp-content\/uploads\/2021\/10\/ARTAI-4-1.jpg\" width=\"1080\" height=\"720\" alt=\"\" title=\"ARTAI 4\" aria-label=\"ARTAI 4\" class=\"img-responsive wp-image-2987\" srcset=\"https:\/\/www.muta.gal\/wp-content\/uploads\/2021\/10\/ARTAI-4-1-200x133.jpg 200w, https:\/\/www.muta.gal\/wp-content\/uploads\/2021\/10\/ARTAI-4-1-400x267.jpg 400w, https:\/\/www.muta.gal\/wp-content\/uploads\/2021\/10\/ARTAI-4-1-600x400.jpg 600w, https:\/\/www.muta.gal\/wp-content\/uploads\/2021\/10\/ARTAI-4-1-800x533.jpg 800w, https:\/\/www.muta.gal\/wp-content\/uploads\/2021\/10\/ARTAI-4-1.jpg 1080w\" sizes=\"(min-width: 2200px) 100vw, (min-width: 856px) 296px, (min-width: 784px) 395px, (min-width: 712px) 593px, (min-width: 640px) 712px, \" \/><\/div><\/a><\/div><\/div><\/div><\/div><div class=\"fusion-separator fusion-full-width-sep\" style=\"align-self: center;margin-left: auto;margin-right: auto;margin-bottom:3%;width:100%;\"><\/div><div class=\"fusion-separator fusion-full-width-sep\" style=\"align-self: center;margin-left: auto;margin-right: auto;margin-top:2%;margin-bottom:5%;width:100%;\"><div class=\"fusion-separator-border sep-single sep-solid\" style=\"--awb-height:20px;--awb-amount:20px;border-color:#e2e2e2;border-top-width:1px;\"><\/div><\/div><div class=\"fusion-separator fusion-full-width-sep\" style=\"align-self: center;margin-left: auto;margin-right: auto;margin-bottom:3%;width:100%;\"><\/div><div class=\"fusion-title title fusion-title-3 fusion-sep-none fusion-title-text fusion-title-size-three\" style=\"--awb-text-color:#a18d27;--awb-font-size:30px;\"><h3 class=\"fusion-title-heading title-heading-left\" style=\"margin:0;font-size:1em;\">MUTA, alugueiro de espazos para eventos corporativos en Vigo<\/h3><\/div><div class=\"fusion-text fusion-text-6\" style=\"--awb-text-transform:none;\"><p>En MUTA tes a oportunidade de <strong>crear todo tipo de eventos corporativos en Vigo<\/strong>. A s\u00faa versatilidade, as s\u00faas m\u00faltiples salas e o seu grande espazo permitiranche organizar diversas actividades: networking, conferencias, reuni\u00f3ns, presentaci\u00f3ns\u2026<\/p>\n<p>Non o dubides, se buscas <strong>espazos para eventos corporativos en Vigo<\/strong>, MUTA \u00e9 a mellor opci\u00f3n. <a href=\"\/gl\/contacto\">Ponte en contacto connosco<\/a>!<\/p>\n<p><a href=\"https:\/\/www.instagram.com\/muta.vigo\/\" target=\"_blank\" rel=\"noopener\">S\u00edguenos en Instagram<\/a> para informarte de toda a nosa programaci\u00f3n.<\/p>\n<\/div><div class=\"fusion-separator fusion-full-width-sep\" style=\"align-self: center;margin-left: auto;margin-right: auto;margin-bottom:7%;width:100%;\"><\/div><\/div><\/div><\/div><\/div><\/p>\n","protected":false},"excerpt":{"rendered":"<p>Artai, celebra en MUTA a s\u00faa reuni\u00f3n anual con catering<\/p>\n","protected":false},"author":1,"featured_media":2974,"menu_order":0,"comment_status":"open","ping_status":"closed","template":"","format":"standard","meta":{"footnotes":""},"portfolio_category":[25,11],"portfolio_skills":[],"portfolio_tags":[],"class_list":["post-3290","avada_portfolio","type-avada_portfolio","status-publish","format-standard","has-post-thumbnail","hentry","portfolio_category-evento-corporativo-gl","portfolio_category-todos-os-eventos-realizados"],"yoast_head":"<!-- This site is optimized with the Yoast SEO plugin v26.3 - https:\/\/yoast.com\/wordpress\/plugins\/seo\/ -->\n<title>Reuni\u00f3n de Artai en MUTA | Espazos para eventos corporativos en Vigo<\/title>\n<meta name=\"description\" content=\"Alugueiro de espazos para eventos corporativos en Vigo. A axencia de seguros Artai confiou en MUTA para celebrar a s\u00faa reuni\u00f3n\" \/>\n<meta name=\"robots\" content=\"index, follow, max-snippet:-1, max-image-preview:large, max-video-preview:-1\" \/>\n<link rel=\"canonical\" href=\"https:\/\/www.muta.gal\/gl\/eventos\/reunion-anual-de-artai\/\" \/>\n<meta property=\"og:locale\" content=\"gl_ES\" \/>\n<meta property=\"og:type\" content=\"article\" \/>\n<meta property=\"og:title\" content=\"Reuni\u00f3n de Artai en MUTA | Espazos para eventos corporativos en Vigo\" \/>\n<meta property=\"og:description\" content=\"Alugueiro de espazos para eventos corporativos en Vigo. A axencia de seguros Artai confiou en MUTA para celebrar a s\u00faa reuni\u00f3n\" \/>\n<meta property=\"og:url\" content=\"https:\/\/www.muta.gal\/gl\/eventos\/reunion-anual-de-artai\/\" \/>\n<meta property=\"og:site_name\" content=\"MUTA\" \/>\n<meta property=\"article:modified_time\" content=\"2021-11-15T13:18:54+00:00\" \/>\n<meta property=\"og:image\" content=\"https:\/\/www.muta.gal\/wp-content\/uploads\/2021\/10\/ARTAI-4.jpg\" \/>\n\t<meta property=\"og:image:width\" content=\"1080\" \/>\n\t<meta property=\"og:image:height\" content=\"720\" \/>\n\t<meta property=\"og:image:type\" content=\"image\/jpeg\" \/>\n<meta name=\"twitter:card\" content=\"summary_large_image\" \/>\n<meta name=\"twitter:label1\" content=\"Tempo de lectura\" \/>\n\t<meta name=\"twitter:data1\" content=\"9 minutos\" \/>\n<script type=\"application\/ld+json\" class=\"yoast-schema-graph\">{\"@context\":\"https:\/\/schema.org\",\"@graph\":[{\"@type\":\"WebPage\",\"@id\":\"https:\/\/www.muta.gal\/gl\/eventos\/reunion-anual-de-artai\/\",\"url\":\"https:\/\/www.muta.gal\/gl\/eventos\/reunion-anual-de-artai\/\",\"name\":\"Reuni\u00f3n de Artai en MUTA | Espazos para eventos corporativos en Vigo\",\"isPartOf\":{\"@id\":\"https:\/\/www.muta.gal\/gl\/#website\"},\"primaryImageOfPage\":{\"@id\":\"https:\/\/www.muta.gal\/gl\/eventos\/reunion-anual-de-artai\/#primaryimage\"},\"image\":{\"@id\":\"https:\/\/www.muta.gal\/gl\/eventos\/reunion-anual-de-artai\/#primaryimage\"},\"thumbnailUrl\":\"https:\/\/www.muta.gal\/wp-content\/uploads\/2021\/10\/ARTAI-4.jpg\",\"datePublished\":\"2021-10-07T21:44:27+00:00\",\"dateModified\":\"2021-11-15T13:18:54+00:00\",\"description\":\"Alugueiro de espazos para eventos corporativos en Vigo. A axencia de seguros Artai confiou en MUTA para celebrar a s\u00faa reuni\u00f3n\",\"breadcrumb\":{\"@id\":\"https:\/\/www.muta.gal\/gl\/eventos\/reunion-anual-de-artai\/#breadcrumb\"},\"inLanguage\":\"gl-ES\",\"potentialAction\":[{\"@type\":\"ReadAction\",\"target\":[\"https:\/\/www.muta.gal\/gl\/eventos\/reunion-anual-de-artai\/\"]}]},{\"@type\":\"ImageObject\",\"inLanguage\":\"gl-ES\",\"@id\":\"https:\/\/www.muta.gal\/gl\/eventos\/reunion-anual-de-artai\/#primaryimage\",\"url\":\"https:\/\/www.muta.gal\/wp-content\/uploads\/2021\/10\/ARTAI-4.jpg\",\"contentUrl\":\"https:\/\/www.muta.gal\/wp-content\/uploads\/2021\/10\/ARTAI-4.jpg\",\"width\":1080,\"height\":720},{\"@type\":\"BreadcrumbList\",\"@id\":\"https:\/\/www.muta.gal\/gl\/eventos\/reunion-anual-de-artai\/#breadcrumb\",\"itemListElement\":[{\"@type\":\"ListItem\",\"position\":1,\"name\":\"Portada\",\"item\":\"https:\/\/www.muta.gal\/gl\/\"},{\"@type\":\"ListItem\",\"position\":2,\"name\":\"Portfolio\",\"item\":\"https:\/\/www.muta.gal\/gl\/eventos\/\"},{\"@type\":\"ListItem\",\"position\":3,\"name\":\"Reuni\u00f3n anual de Artai, axencia de seguros\"}]},{\"@type\":\"WebSite\",\"@id\":\"https:\/\/www.muta.gal\/gl\/#website\",\"url\":\"https:\/\/www.muta.gal\/gl\/\",\"name\":\"MUTA\",\"description\":\"Espacio para eventos en Vigo\",\"potentialAction\":[{\"@type\":\"SearchAction\",\"target\":{\"@type\":\"EntryPoint\",\"urlTemplate\":\"https:\/\/www.muta.gal\/gl\/?s={search_term_string}\"},\"query-input\":{\"@type\":\"PropertyValueSpecification\",\"valueRequired\":true,\"valueName\":\"search_term_string\"}}],\"inLanguage\":\"gl-ES\"}]}<\/script>\n<!-- \/ Yoast SEO plugin. -->","yoast_head_json":{"title":"Reuni\u00f3n de Artai en MUTA | Espazos para eventos corporativos en Vigo","description":"Alugueiro de espazos para eventos corporativos en Vigo. A axencia de seguros Artai confiou en MUTA para celebrar a s\u00faa reuni\u00f3n","robots":{"index":"index","follow":"follow","max-snippet":"max-snippet:-1","max-image-preview":"max-image-preview:large","max-video-preview":"max-video-preview:-1"},"canonical":"https:\/\/www.muta.gal\/gl\/eventos\/reunion-anual-de-artai\/","og_locale":"gl_ES","og_type":"article","og_title":"Reuni\u00f3n de Artai en MUTA | Espazos para eventos corporativos en Vigo","og_description":"Alugueiro de espazos para eventos corporativos en Vigo. A axencia de seguros Artai confiou en MUTA para celebrar a s\u00faa reuni\u00f3n","og_url":"https:\/\/www.muta.gal\/gl\/eventos\/reunion-anual-de-artai\/","og_site_name":"MUTA","article_modified_time":"2021-11-15T13:18:54+00:00","og_image":[{"width":1080,"height":720,"url":"https:\/\/www.muta.gal\/wp-content\/uploads\/2021\/10\/ARTAI-4.jpg","type":"image\/jpeg"}],"twitter_card":"summary_large_image","twitter_misc":{"Tempo de lectura":"9 minutos"},"schema":{"@context":"https:\/\/schema.org","@graph":[{"@type":"WebPage","@id":"https:\/\/www.muta.gal\/gl\/eventos\/reunion-anual-de-artai\/","url":"https:\/\/www.muta.gal\/gl\/eventos\/reunion-anual-de-artai\/","name":"Reuni\u00f3n de Artai en MUTA | Espazos para eventos corporativos en Vigo","isPartOf":{"@id":"https:\/\/www.muta.gal\/gl\/#website"},"primaryImageOfPage":{"@id":"https:\/\/www.muta.gal\/gl\/eventos\/reunion-anual-de-artai\/#primaryimage"},"image":{"@id":"https:\/\/www.muta.gal\/gl\/eventos\/reunion-anual-de-artai\/#primaryimage"},"thumbnailUrl":"https:\/\/www.muta.gal\/wp-content\/uploads\/2021\/10\/ARTAI-4.jpg","datePublished":"2021-10-07T21:44:27+00:00","dateModified":"2021-11-15T13:18:54+00:00","description":"Alugueiro de espazos para eventos corporativos en Vigo. A axencia de seguros Artai confiou en MUTA para celebrar a s\u00faa reuni\u00f3n","breadcrumb":{"@id":"https:\/\/www.muta.gal\/gl\/eventos\/reunion-anual-de-artai\/#breadcrumb"},"inLanguage":"gl-ES","potentialAction":[{"@type":"ReadAction","target":["https:\/\/www.muta.gal\/gl\/eventos\/reunion-anual-de-artai\/"]}]},{"@type":"ImageObject","inLanguage":"gl-ES","@id":"https:\/\/www.muta.gal\/gl\/eventos\/reunion-anual-de-artai\/#primaryimage","url":"https:\/\/www.muta.gal\/wp-content\/uploads\/2021\/10\/ARTAI-4.jpg","contentUrl":"https:\/\/www.muta.gal\/wp-content\/uploads\/2021\/10\/ARTAI-4.jpg","width":1080,"height":720},{"@type":"BreadcrumbList","@id":"https:\/\/www.muta.gal\/gl\/eventos\/reunion-anual-de-artai\/#breadcrumb","itemListElement":[{"@type":"ListItem","position":1,"name":"Portada","item":"https:\/\/www.muta.gal\/gl\/"},{"@type":"ListItem","position":2,"name":"Portfolio","item":"https:\/\/www.muta.gal\/gl\/eventos\/"},{"@type":"ListItem","position":3,"name":"Reuni\u00f3n anual de Artai, axencia de seguros"}]},{"@type":"WebSite","@id":"https:\/\/www.muta.gal\/gl\/#website","url":"https:\/\/www.muta.gal\/gl\/","name":"MUTA","description":"Espacio para eventos en Vigo","potentialAction":[{"@type":"SearchAction","target":{"@type":"EntryPoint","urlTemplate":"https:\/\/www.muta.gal\/gl\/?s={search_term_string}"},"query-input":{"@type":"PropertyValueSpecification","valueRequired":true,"valueName":"search_term_string"}}],"inLanguage":"gl-ES"}]}},"jetpack_sharing_enabled":true,"_links":{"self":[{"href":"https:\/\/www.muta.gal\/gl\/wp-json\/wp\/v2\/avada_portfolio\/3290","targetHints":{"allow":["GET"]}}],"collection":[{"href":"https:\/\/www.muta.gal\/gl\/wp-json\/wp\/v2\/avada_portfolio"}],"about":[{"href":"https:\/\/www.muta.gal\/gl\/wp-json\/wp\/v2\/types\/avada_portfolio"}],"author":[{"embeddable":true,"href":"https:\/\/www.muta.gal\/gl\/wp-json\/wp\/v2\/users\/1"}],"replies":[{"embeddable":true,"href":"https:\/\/www.muta.gal\/gl\/wp-json\/wp\/v2\/comments?post=3290"}],"version-history":[{"count":3,"href":"https:\/\/www.muta.gal\/gl\/wp-json\/wp\/v2\/avada_portfolio\/3290\/revisions"}],"predecessor-version":[{"id":3293,"href":"https:\/\/www.muta.gal\/gl\/wp-json\/wp\/v2\/avada_portfolio\/3290\/revisions\/3293"}],"wp:featuredmedia":[{"embeddable":true,"href":"https:\/\/www.muta.gal\/gl\/wp-json\/wp\/v2\/media\/2974"}],"wp:attachment":[{"href":"https:\/\/www.muta.gal\/gl\/wp-json\/wp\/v2\/media?parent=3290"}],"wp:term":[{"taxonomy":"portfolio_category","embeddable":true,"href":"https:\/\/www.muta.gal\/gl\/wp-json\/wp\/v2\/portfolio_category?post=3290"},{"taxonomy":"portfolio_skills","embeddable":true,"href":"https:\/\/www.muta.gal\/gl\/wp-json\/wp\/v2\/portfolio_skills?post=3290"},{"taxonomy":"portfolio_tags","embeddable":true,"href":"https:\/\/www.muta.gal\/gl\/wp-json\/wp\/v2\/portfolio_tags?post=3290"}],"curies":[{"name":"wp","href":"https:\/\/api.w.org\/{rel}","templated":true}]}}